{"id":2265,"date":"2025-11-20T18:09:41","date_gmt":"2025-11-20T18:09:41","guid":{"rendered":"https:\/\/valedovez.pt\/?page_id=2265"},"modified":"2026-02-12T11:41:09","modified_gmt":"2026-02-12T11:41:09","slug":"conditions-generales","status":"publish","type":"page","link":"https:\/\/valedovez.pt\/fr\/conditions-generales\/","title":{"rendered":"Conditions g\u00e9n\u00e9rales d'utilisation"},"content":{"rendered":"<div data-elementor-type=\"wp-page\" data-elementor-id=\"2265\" class=\"elementor elementor-2265\" data-elementor-post-type=\"page\">\n\t\t\t\t<div class=\"elementor-element elementor-element-f135631 e-con-full e-flex e-con e-parent\" data-id=\"f135631\" data-element_type=\"container\" data-settings=\"{&quot;background_background&quot;:&quot;classic&quot;}\">\n\t\t<div class=\"elementor-element elementor-element-25665b8 e-con-full e-flex e-con e-child\" data-id=\"25665b8\" data-element_type=\"container\">\n\t\t\t\t<div class=\"elementor-element elementor-element-057c0cd elementor-widget elementor-widget-heading\" data-id=\"057c0cd\" data-element_type=\"widget\" data-widget_type=\"heading.default\">\n\t\t\t\t\t<h1 class=\"elementor-heading-title elementor-size-default\">Conditions g\u00e9n\u00e9rales d'utilisation<\/h1>\t\t\t\t<\/div>\n\t\t\t\t<\/div>\n\t\t\t\t<\/div>\n\t\t<div class=\"elementor-element elementor-element-7623d06 e-con-full e-flex e-con e-parent\" data-id=\"7623d06\" data-element_type=\"container\">\n\t\t<div class=\"elementor-element elementor-element-7a0ab91 e-flex e-con-boxed e-con e-child\" data-id=\"7a0ab91\" data-element_type=\"container\">\n\t\t\t\t\t<div class=\"e-con-inner\">\n\t\t\t\t<div class=\"elementor-element elementor-element-bd2fdd6 elementor-widget elementor-widget-heading\" data-id=\"bd2fdd6\" data-element_type=\"widget\" data-widget_type=\"heading.default\">\n\t\t\t\t\t<h2 class=\"elementor-heading-title elementor-size-default\">Conditions de r\u00e9servation<\/h2>\t\t\t\t<\/div>\n\t\t\t\t<div class=\"elementor-element elementor-element-a4c28ec elementor-widget elementor-widget-text-editor\" data-id=\"a4c28ec\" data-element_type=\"widget\" data-widget_type=\"text-editor.default\">\n\t\t\t\t\t\t\t\t\t<p>En effectuant une r\u00e9servation aupr\u00e8s de nous, vous (l'h\u00f4te principal) et votre groupe de r\u00e9servation (les h\u00f4tes) acceptez les conditions g\u00e9n\u00e9rales suivantes, telles qu'elles sont \u00e9nonc\u00e9es. Pendant votre s\u00e9jour, vous vous engagez \u00e0 respecter les conditions suivantes. Si vous avez des questions concernant les r\u00e9servations, veuillez nous contacter avant de faire une r\u00e9servation.<\/p>\t\t\t\t\t\t\t\t<\/div>\n\t\t\t\t\t<\/div>\n\t\t\t\t<\/div>\n\t\t<div class=\"elementor-element elementor-element-89f2ab2 e-flex e-con-boxed e-con e-child\" data-id=\"89f2ab2\" data-element_type=\"container\">\n\t\t\t\t\t<div class=\"e-con-inner\">\n\t\t\t\t<div class=\"elementor-element elementor-element-a1c7378 elementor-widget elementor-widget-heading\" data-id=\"a1c7378\" data-element_type=\"widget\" data-widget_type=\"heading.default\">\n\t\t\t\t\t<h2 class=\"elementor-heading-title elementor-size-default\">Proc\u00e9dure de r\u00e9servation<\/h2>\t\t\t\t<\/div>\n\t\t\t\t<div class=\"elementor-element elementor-element-9687328 elementor-widget elementor-widget-text-editor\" data-id=\"9687328\" data-element_type=\"widget\" data-widget_type=\"text-editor.default\">\n\t\t\t\t\t\t\t\t\t<p>Pour effectuer une r\u00e9servation, l'invit\u00e9 principal doit \u00eatre \u00e2g\u00e9 d'au moins 18 ans. Le nombre maximum d'invit\u00e9s par chambre est indiqu\u00e9 dans les d\u00e9tails de l'occupation des chambres sur le site web. Si la personne qui effectue la r\u00e9servation n'est pas le client principal qui assume l'occupation de la chambre, la personne qui effectue la r\u00e9servation peut \u00eatre tenue responsable de l'annulation, de la non-arriv\u00e9e et des dommages, comme indiqu\u00e9 dans le pr\u00e9sent document. Seuls le client principal et l'auteur de la r\u00e9servation sont autoris\u00e9s \u00e0 utiliser la propri\u00e9t\u00e9 et ses installations, les visiteurs tiers n'y ayant acc\u00e8s qu'avec notre autorisation expresse.<\/p><p>Les paiements peuvent \u00eatre effectu\u00e9s en ligne \u00e0 l'aide d'une carte de d\u00e9bit\/cr\u00e9dit. Tous les frais factur\u00e9s par nos banques pour le traitement de ch\u00e8ques refus\u00e9s, de virements bancaires ou de tout autre paiement doivent \u00eatre rembours\u00e9s par l'h\u00f4te principal dans un d\u00e9lai de sept (7) jours \u00e0 compter de toute demande en ce sens.<\/p><p>Tous les h\u00f4tes s'engagent \u00e0 respecter la vie priv\u00e9e et la tranquillit\u00e9 des autres h\u00f4tes, des voisins et des propri\u00e9taires \u00e0 tout moment. Nous nous r\u00e9servons le droit d'annuler une r\u00e9servation avec effet imm\u00e9diat si les h\u00f4tes ne respectent pas cet accord ou s'ils causent des troubles ou des d\u00e9sagr\u00e9ments aux autres h\u00f4tes, aux voisins ou aux propri\u00e9taires.<\/p>\t\t\t\t\t\t\t\t<\/div>\n\t\t\t\t\t<\/div>\n\t\t\t\t<\/div>\n\t\t<div class=\"elementor-element elementor-element-940ce34 e-flex e-con-boxed e-con e-child\" data-id=\"940ce34\" data-element_type=\"container\">\n\t\t\t\t\t<div class=\"e-con-inner\">\n\t\t\t\t<div class=\"elementor-element elementor-element-ada27f5 elementor-widget elementor-widget-heading\" data-id=\"ada27f5\" data-element_type=\"widget\" data-widget_type=\"heading.default\">\n\t\t\t\t\t<h2 class=\"elementor-heading-title elementor-size-default\">Enregistrement et d\u00e9part<\/h2>\t\t\t\t<\/div>\n\t\t\t\t<div class=\"elementor-element elementor-element-3b2ba40 elementor-widget elementor-widget-text-editor\" data-id=\"3b2ba40\" data-element_type=\"widget\" data-widget_type=\"text-editor.default\">\n\t\t\t\t\t\t\t\t\t<p>Les clients doivent arriver et partir aux heures indiqu\u00e9es ci-dessous.<\/p><p><strong>Enregistrement :<\/strong>\u00c0 partir de 16 heures<br \/><strong>Check-out :<\/strong> Jusqu'\u00e0 11 heures<\/p>\t\t\t\t\t\t\t\t<\/div>\n\t\t\t\t\t<\/div>\n\t\t\t\t<\/div>\n\t\t<div class=\"elementor-element elementor-element-7b262bd e-flex e-con-boxed e-con e-child\" data-id=\"7b262bd\" data-element_type=\"container\">\n\t\t\t\t\t<div class=\"e-con-inner\">\n\t\t\t\t<div class=\"elementor-element elementor-element-4201440 elementor-widget elementor-widget-heading\" data-id=\"4201440\" data-element_type=\"widget\" data-widget_type=\"heading.default\">\n\t\t\t\t\t<h2 class=\"elementor-heading-title elementor-size-default\">Conditions d'annulation et de non-arriv\u00e9e<\/h2>\t\t\t\t<\/div>\n\t\t\t\t<div class=\"elementor-element elementor-element-5c999cc elementor-widget elementor-widget-text-editor\" data-id=\"5c999cc\" data-element_type=\"widget\" data-widget_type=\"text-editor.default\">\n\t\t\t\t\t\t\t\t\t<p>Les clients qui doivent annuler une r\u00e9servation doivent nous contacter le plus t\u00f4t possible. Les acomptes d\u00e9j\u00e0 vers\u00e9s ne seront rembours\u00e9s que dans les conditions suivantes ;<\/p><p>Annulation effectu\u00e9e <strong>15 jours ou plus avant la date d'arriv\u00e9e<\/strong> = Remboursement int\u00e9gral de l'acompte<br \/>Annulation effectu\u00e9e<strong> 5 jours ou moins \u00e0 compter de la date d'arriv\u00e9e<\/strong> = Pas de remboursement, le montant total de la r\u00e9servation est d\u00fb<\/p><p>Il est sugg\u00e9r\u00e9 que les personnes qui r\u00e9servent souscrivent, le cas \u00e9ch\u00e9ant, une assurance vacances\/annulation appropri\u00e9e.<\/p><p>Dans le cas rare o\u00f9 nous devrions annuler votre r\u00e9servation, sachez que nous ne pouvons \u00eatre tenus responsables de circonstances ind\u00e9pendantes de notre volont\u00e9 et que notre responsabilit\u00e9 envers vous se limite au remboursement de tout paiement d\u00e9j\u00e0 effectu\u00e9.<\/p>\t\t\t\t\t\t\t\t<\/div>\n\t\t\t\t\t<\/div>\n\t\t\t\t<\/div>\n\t\t<div class=\"elementor-element elementor-element-b7a7455 e-flex e-con-boxed e-con e-child\" data-id=\"b7a7455\" data-element_type=\"container\">\n\t\t\t\t\t<div class=\"e-con-inner\">\n\t\t\t\t<div class=\"elementor-element elementor-element-74ca333 elementor-widget elementor-widget-heading\" data-id=\"74ca333\" data-element_type=\"widget\" data-widget_type=\"heading.default\">\n\t\t\t\t\t<h2 class=\"elementor-heading-title elementor-size-default\">Politique d'utilisation du WiFi<\/h2>\t\t\t\t<\/div>\n\t\t\t\t<div class=\"elementor-element elementor-element-3f6bedf elementor-widget elementor-widget-text-editor\" data-id=\"3f6bedf\" data-element_type=\"widget\" data-widget_type=\"text-editor.default\">\n\t\t\t\t\t\t\t\t\t<p>Lorsque l'acc\u00e8s \u00e0 l'Internet par WiFi est fourni, les h\u00f4tes acceptent d'utiliser cet acc\u00e8s \u00e0 l'Internet de mani\u00e8re \u00e9quitable et appropri\u00e9e. Nous pouvons contr\u00f4ler les performances du r\u00e9seau et l'utilisation des utilisateurs afin de maintenir un niveau de service \u00e9quitable et \u00e9lev\u00e9 pour tous nos h\u00f4tes.<\/p>\t\t\t\t\t\t\t\t<\/div>\n\t\t\t\t\t<\/div>\n\t\t\t\t<\/div>\n\t\t<div class=\"elementor-element elementor-element-950c25b e-flex e-con-boxed e-con e-child\" data-id=\"950c25b\" data-element_type=\"container\">\n\t\t\t\t\t<div class=\"e-con-inner\">\n\t\t\t\t<div class=\"elementor-element elementor-element-6effa98 elementor-widget elementor-widget-heading\" data-id=\"6effa98\" data-element_type=\"widget\" data-widget_type=\"heading.default\">\n\t\t\t\t\t<h2 class=\"elementor-heading-title elementor-size-default\">Dommages et pertes de biens<\/h2>\t\t\t\t<\/div>\n\t\t\t\t<div class=\"elementor-element elementor-element-7255db1 elementor-widget elementor-widget-text-editor\" data-id=\"7255db1\" data-element_type=\"widget\" data-widget_type=\"text-editor.default\">\n\t\t\t\t\t\t\t\t\t<p>Nous nous r\u00e9servons le droit de facturer au client principal tout dommage caus\u00e9 au cours d'une r\u00e9servation par un membre du groupe. Cela comprend les casses, les d\u00e9versements, les taches, les dommages caus\u00e9s au mobilier ou aux installations. Tout dommage accidentel doit \u00eatre signal\u00e9 d\u00e8s que possible afin de minimiser les d\u00e9g\u00e2ts et les co\u00fbts associ\u00e9s. La perte d'une cl\u00e9 ou d'une carte d'acc\u00e8s entra\u00eene des frais de remplacement par cl\u00e9 ou carte perdue.<\/p><p>Les objets perdus, s'ils sont d\u00e9couverts et trouv\u00e9s, laiss\u00e9s par les clients pendant leur s\u00e9jour seront conserv\u00e9s pendant une p\u00e9riode d'un mois. Bien que nous fassions tout notre possible pour retrouver les objets perdus, nous n'acceptons aucune responsabilit\u00e9 pour le remplacement des objets perdus et nous encourageons les clients \u00e0 s'assurer qu'ils ont tous leurs effets personnels avant de quitter l'h\u00f4tel. Nous pouvons proposer d'envoyer les objets perdus par courrier recommand\u00e9 aux frais du propri\u00e9taire, sinon une collecte peut \u00eatre organis\u00e9e.<\/p>\t\t\t\t\t\t\t\t<\/div>\n\t\t\t\t\t<\/div>\n\t\t\t\t<\/div>\n\t\t<div class=\"elementor-element elementor-element-b154ed5 e-flex e-con-boxed e-con e-child\" data-id=\"b154ed5\" data-element_type=\"container\">\n\t\t\t\t\t<div class=\"e-con-inner\">\n\t\t\t\t<div class=\"elementor-element elementor-element-cbcbc81 elementor-widget elementor-widget-heading\" data-id=\"cbcbc81\" data-element_type=\"widget\" data-widget_type=\"heading.default\">\n\t\t\t\t\t<h2 class=\"elementor-heading-title elementor-size-default\">Fumeurs<\/h2>\t\t\t\t<\/div>\n\t\t\t\t<div class=\"elementor-element elementor-element-3c2be28 elementor-widget elementor-widget-text-editor\" data-id=\"3c2be28\" data-element_type=\"widget\" data-widget_type=\"text-editor.default\">\n\t\t\t\t\t\t\t\t\t<p>Tous les produits du tabac, y compris, mais sans s'y limiter, les cigarettes, les pipes, les cigarettes \u00e9lectroniques, les e-liquides, les cigares et le tabac \u00e0 m\u00e2cher, ne sont autoris\u00e9s que dans les zones d\u00e9sign\u00e9es par des panneaux dans l'ensemble du logement.<\/p>\t\t\t\t\t\t\t\t<\/div>\n\t\t\t\t\t<\/div>\n\t\t\t\t<\/div>\n\t\t<div class=\"elementor-element elementor-element-b2db108 e-flex e-con-boxed e-con e-child\" data-id=\"b2db108\" data-element_type=\"container\">\n\t\t\t\t\t<div class=\"e-con-inner\">\n\t\t\t\t<div class=\"elementor-element elementor-element-f826b8e elementor-widget elementor-widget-heading\" data-id=\"f826b8e\" data-element_type=\"widget\" data-widget_type=\"heading.default\">\n\t\t\t\t\t<h2 class=\"elementor-heading-title elementor-size-default\">Notre droit de r\u00e9tractation<\/h2>\t\t\t\t<\/div>\n\t\t\t\t<div class=\"elementor-element elementor-element-9ee29fa elementor-widget elementor-widget-text-editor\" data-id=\"9ee29fa\" data-element_type=\"widget\" data-widget_type=\"text-editor.default\">\n\t\t\t\t\t\t\t\t\t<p>Nous nous r\u00e9servons le droit d'annuler toute r\u00e9servation sans compensation, ni remboursement, en cas de non-respect des pr\u00e9sentes conditions.<\/p>\t\t\t\t\t\t\t\t<\/div>\n\t\t\t\t\t<\/div>\n\t\t\t\t<\/div>\n\t\t\t\t<\/div>\n\t\t\t\t<\/div>","protected":false},"excerpt":{"rendered":"<p>Termos e Condi\u00e7\u00f5es Termos de Reservas Ao fazer uma reserva connosco, voc\u00ea (o convidado principal) e o seu grupo de reserva (convidados) concordam com os seguintes termos e condi\u00e7\u00f5es, conforme estabelecido. Durante a sua estadia, concorda em respeitar as condi\u00e7\u00f5es subsequentes, conforme estabelecido. Se tiver quaisquer perguntas sobre reservas connosco, queira contactar-nos antes de fazer [&hellip;]<\/p>","protected":false},"author":1,"featured_media":0,"parent":0,"menu_order":0,"comment_status":"closed","ping_status":"closed","template":"","meta":{"footnotes":""},"class_list":["post-2265","page","type-page","status-publish","hentry"],"_links":{"self":[{"href":"https:\/\/valedovez.pt\/fr\/wp-json\/wp\/v2\/pages\/2265","targetHints":{"allow":["GET"]}}],"collection":[{"href":"https:\/\/valedovez.pt\/fr\/wp-json\/wp\/v2\/pages"}],"about":[{"href":"https:\/\/valedovez.pt\/fr\/wp-json\/wp\/v2\/types\/page"}],"author":[{"embeddable":true,"href":"https:\/\/valedovez.pt\/fr\/wp-json\/wp\/v2\/users\/1"}],"replies":[{"embeddable":true,"href":"https:\/\/valedovez.pt\/fr\/wp-json\/wp\/v2\/comments?post=2265"}],"version-history":[{"count":3,"href":"https:\/\/valedovez.pt\/fr\/wp-json\/wp\/v2\/pages\/2265\/revisions"}],"predecessor-version":[{"id":3202,"href":"https:\/\/valedovez.pt\/fr\/wp-json\/wp\/v2\/pages\/2265\/revisions\/3202"}],"wp:attachment":[{"href":"https:\/\/valedovez.pt\/fr\/wp-json\/wp\/v2\/media?parent=2265"}],"curies":[{"name":"wp","href":"https:\/\/api.w.org\/{rel}","templated":true}]}}