{"id":2265,"date":"2025-11-20T18:09:41","date_gmt":"2025-11-20T18:09:41","guid":{"rendered":"https:\/\/valedovez.pt\/?page_id=2265"},"modified":"2026-02-12T11:41:09","modified_gmt":"2026-02-12T11:41:09","slug":"condiciones-generales","status":"publish","type":"page","link":"https:\/\/valedovez.pt\/es\/condiciones-generales\/","title":{"rendered":"Condiciones generales"},"content":{"rendered":"<div data-elementor-type=\"wp-page\" data-elementor-id=\"2265\" class=\"elementor elementor-2265\" data-elementor-post-type=\"page\">\n\t\t\t\t<div class=\"elementor-element elementor-element-f135631 e-con-full e-flex e-con e-parent\" data-id=\"f135631\" data-element_type=\"container\" data-settings=\"{&quot;background_background&quot;:&quot;classic&quot;}\">\n\t\t<div class=\"elementor-element elementor-element-25665b8 e-con-full e-flex e-con e-child\" data-id=\"25665b8\" data-element_type=\"container\">\n\t\t\t\t<div class=\"elementor-element elementor-element-057c0cd elementor-widget elementor-widget-heading\" data-id=\"057c0cd\" data-element_type=\"widget\" data-widget_type=\"heading.default\">\n\t\t\t\t\t<h1 class=\"elementor-heading-title elementor-size-default\">Condiciones generales<\/h1>\t\t\t\t<\/div>\n\t\t\t\t<\/div>\n\t\t\t\t<\/div>\n\t\t<div class=\"elementor-element elementor-element-7623d06 e-con-full e-flex e-con e-parent\" data-id=\"7623d06\" data-element_type=\"container\">\n\t\t<div class=\"elementor-element elementor-element-7a0ab91 e-flex e-con-boxed e-con e-child\" data-id=\"7a0ab91\" data-element_type=\"container\">\n\t\t\t\t\t<div class=\"e-con-inner\">\n\t\t\t\t<div class=\"elementor-element elementor-element-bd2fdd6 elementor-widget elementor-widget-heading\" data-id=\"bd2fdd6\" data-element_type=\"widget\" data-widget_type=\"heading.default\">\n\t\t\t\t\t<h2 class=\"elementor-heading-title elementor-size-default\">Condiciones de reserva<\/h2>\t\t\t\t<\/div>\n\t\t\t\t<div class=\"elementor-element elementor-element-a4c28ec elementor-widget elementor-widget-text-editor\" data-id=\"a4c28ec\" data-element_type=\"widget\" data-widget_type=\"text-editor.default\">\n\t\t\t\t\t\t\t\t\t<p>Al hacer una reserva con nosotros, usted (el hu\u00e9sped principal) y su grupo de reserva (hu\u00e9spedes) aceptan los siguientes t\u00e9rminos y condiciones, tal como se establece. Durante su estancia, se compromete a cumplir las condiciones subsiguientes, tal y como se establecen. Si tiene alguna duda sobre c\u00f3mo reservar con nosotros, p\u00f3ngase en contacto con nosotros antes de hacer la reserva.<\/p>\t\t\t\t\t\t\t\t<\/div>\n\t\t\t\t\t<\/div>\n\t\t\t\t<\/div>\n\t\t<div class=\"elementor-element elementor-element-89f2ab2 e-flex e-con-boxed e-con e-child\" data-id=\"89f2ab2\" data-element_type=\"container\">\n\t\t\t\t\t<div class=\"e-con-inner\">\n\t\t\t\t<div class=\"elementor-element elementor-element-a1c7378 elementor-widget elementor-widget-heading\" data-id=\"a1c7378\" data-element_type=\"widget\" data-widget_type=\"heading.default\">\n\t\t\t\t\t<h2 class=\"elementor-heading-title elementor-size-default\">Proceso de reserva<\/h2>\t\t\t\t<\/div>\n\t\t\t\t<div class=\"elementor-element elementor-element-9687328 elementor-widget elementor-widget-text-editor\" data-id=\"9687328\" data-element_type=\"widget\" data-widget_type=\"text-editor.default\">\n\t\t\t\t\t\t\t\t\t<p>Para hacer una reserva con nosotros, el hu\u00e9sped principal debe tener al menos 18 a\u00f1os. El n\u00famero m\u00e1ximo de hu\u00e9spedes por habitaci\u00f3n se indica en los datos de ocupaci\u00f3n de la habitaci\u00f3n en el sitio web. Si la persona que efect\u00faa la reserva es distinta del hu\u00e9sped principal que asume la ocupaci\u00f3n, la persona que efect\u00faa la reserva podr\u00e1 ser considerada responsable de la cancelaci\u00f3n, la no llegada y los da\u00f1os seg\u00fan lo establecido. \u00danicamente el hu\u00e9sped principal y el titular de la reserva est\u00e1n autorizados a utilizar la propiedad y sus instalaciones; los visitantes de terceros s\u00f3lo tienen acceso con nuestro permiso expreso.<\/p><p>Los pagos pueden efectuarse en l\u00ednea mediante tarjeta de d\u00e9bito\/cr\u00e9dito. Cualquier cargo que nos cobren nuestros bancos por la gesti\u00f3n de cheques rechazados, transferencias bancarias o cualquier otro pago deber\u00e1 ser reembolsado por el hu\u00e9sped principal en un plazo de siete (7) d\u00edas a partir de la fecha en que se le solicite.<\/p><p>Todos los hu\u00e9spedes se comprometen a respetar la privacidad y la paz de todos los dem\u00e1s hu\u00e9spedes, vecinos y propietarios en todo momento. Nos reservamos el derecho de cancelar una reserva con efecto inmediato si los hu\u00e9spedes no est\u00e1n cumpliendo con este acuerdo o causar molestias \/ inconvenientes a otros hu\u00e9spedes, vecinos o los propietarios.<\/p>\t\t\t\t\t\t\t\t<\/div>\n\t\t\t\t\t<\/div>\n\t\t\t\t<\/div>\n\t\t<div class=\"elementor-element elementor-element-940ce34 e-flex e-con-boxed e-con e-child\" data-id=\"940ce34\" data-element_type=\"container\">\n\t\t\t\t\t<div class=\"e-con-inner\">\n\t\t\t\t<div class=\"elementor-element elementor-element-ada27f5 elementor-widget elementor-widget-heading\" data-id=\"ada27f5\" data-element_type=\"widget\" data-widget_type=\"heading.default\">\n\t\t\t\t\t<h2 class=\"elementor-heading-title elementor-size-default\">Registro de entrada y salida<\/h2>\t\t\t\t<\/div>\n\t\t\t\t<div class=\"elementor-element elementor-element-3b2ba40 elementor-widget elementor-widget-text-editor\" data-id=\"3b2ba40\" data-element_type=\"widget\" data-widget_type=\"text-editor.default\">\n\t\t\t\t\t\t\t\t\t<p>Los hu\u00e9spedes deber\u00e1n efectuar el registro de entrada y salida en los horarios indicados a continuaci\u00f3n.<\/p><p><strong>Facturaci\u00f3n:<\/strong>A partir de las 16.00 horas<br \/><strong>Salida:<\/strong> Hasta las 11.00 horas<\/p>\t\t\t\t\t\t\t\t<\/div>\n\t\t\t\t\t<\/div>\n\t\t\t\t<\/div>\n\t\t<div class=\"elementor-element elementor-element-7b262bd e-flex e-con-boxed e-con e-child\" data-id=\"7b262bd\" data-element_type=\"container\">\n\t\t\t\t\t<div class=\"e-con-inner\">\n\t\t\t\t<div class=\"elementor-element elementor-element-4201440 elementor-widget elementor-widget-heading\" data-id=\"4201440\" data-element_type=\"widget\" data-widget_type=\"heading.default\">\n\t\t\t\t\t<h2 class=\"elementor-heading-title elementor-size-default\">Condiciones de cancelaci\u00f3n y no llegada<\/h2>\t\t\t\t<\/div>\n\t\t\t\t<div class=\"elementor-element elementor-element-5c999cc elementor-widget elementor-widget-text-editor\" data-id=\"5c999cc\" data-element_type=\"widget\" data-widget_type=\"text-editor.default\">\n\t\t\t\t\t\t\t\t\t<p>Los hu\u00e9spedes que necesiten cancelar una reserva deber\u00e1n ponerse en contacto con nosotros lo antes posible. Los dep\u00f3sitos ya abonados solo se reembolsar\u00e1n en las siguientes condiciones;<\/p><p>Anulaci\u00f3n efectuada <strong>15 d\u00edas o m\u00e1s antes de la fecha de llegada<\/strong> = Devoluci\u00f3n \u00edntegra del dep\u00f3sito<br \/>Anulaci\u00f3n efectuada<strong> 5 d\u00edas o menos desde la fecha de llegada<\/strong> = No se reembolsar\u00e1 el importe total de la reserva.<\/p><p>Se sugiere a los hu\u00e9spedes que reserven que contraten el seguro de vacaciones\/anulaci\u00f3n correspondiente cuando sea necesario.<\/p><p>En el raro caso de que tengamos que cancelar su reserva con nosotros, tenga en cuenta que no podemos hacernos responsables de circunstancias que escapen a nuestro control y que nuestra responsabilidad hacia usted se limita al reembolso de cualquier pago ya realizado.<\/p>\t\t\t\t\t\t\t\t<\/div>\n\t\t\t\t\t<\/div>\n\t\t\t\t<\/div>\n\t\t<div class=\"elementor-element elementor-element-b7a7455 e-flex e-con-boxed e-con e-child\" data-id=\"b7a7455\" data-element_type=\"container\">\n\t\t\t\t\t<div class=\"e-con-inner\">\n\t\t\t\t<div class=\"elementor-element elementor-element-74ca333 elementor-widget elementor-widget-heading\" data-id=\"74ca333\" data-element_type=\"widget\" data-widget_type=\"heading.default\">\n\t\t\t\t\t<h2 class=\"elementor-heading-title elementor-size-default\">Pol\u00edtica de uso de WiFi<\/h2>\t\t\t\t<\/div>\n\t\t\t\t<div class=\"elementor-element elementor-element-3f6bedf elementor-widget elementor-widget-text-editor\" data-id=\"3f6bedf\" data-element_type=\"widget\" data-widget_type=\"text-editor.default\">\n\t\t\t\t\t\t\t\t\t<p>Cuando se proporciona acceso a Internet WiFi, los hu\u00e9spedes se comprometen a utilizar este acceso a Internet de forma justa y adecuada. Podemos supervisar el rendimiento de la red y el uso de los usuarios con el fin de mantener un nivel de servicio justo y elevado para todos nuestros hu\u00e9spedes<\/p>\t\t\t\t\t\t\t\t<\/div>\n\t\t\t\t\t<\/div>\n\t\t\t\t<\/div>\n\t\t<div class=\"elementor-element elementor-element-950c25b e-flex e-con-boxed e-con e-child\" data-id=\"950c25b\" data-element_type=\"container\">\n\t\t\t\t\t<div class=\"e-con-inner\">\n\t\t\t\t<div class=\"elementor-element elementor-element-6effa98 elementor-widget elementor-widget-heading\" data-id=\"6effa98\" data-element_type=\"widget\" data-widget_type=\"heading.default\">\n\t\t\t\t\t<h2 class=\"elementor-heading-title elementor-size-default\">Da\u00f1os y p\u00e9rdidas materiales<\/h2>\t\t\t\t<\/div>\n\t\t\t\t<div class=\"elementor-element elementor-element-7255db1 elementor-widget elementor-widget-text-editor\" data-id=\"7255db1\" data-element_type=\"widget\" data-widget_type=\"text-editor.default\">\n\t\t\t\t\t\t\t\t\t<p>Nos reservamos el derecho de cobrar al hu\u00e9sped principal por cualquier da\u00f1o causado en el transcurso de una reserva por cualquier miembro del grupo de reserva. Esto incluye roturas, derrames, manchas, da\u00f1os a muebles o accesorios. Cualquier da\u00f1o accidental debe ser reportado tan pronto como sea posible con el fin de minimizar los da\u00f1os y los costes asociados. En caso de p\u00e9rdida de llaves o tarjetas de acceso, se cobrar\u00e1 una tarifa de sustituci\u00f3n por cada llave o tarjeta perdida.<\/p><p>Cualquier objeto perdido, si se descubre y se encuentra, dejado por los hu\u00e9spedes durante una estancia se retendr\u00e1 durante un per\u00edodo de 1 mes. Aunque haremos todo lo posible por devolver los objetos perdidos a sus propietarios, no asumimos ninguna responsabilidad por la reposici\u00f3n de los objetos perdidos y animamos a los hu\u00e9spedes a que se aseguren de que tienen todas sus pertenencias antes de marcharse. Podemos enviar los objetos perdidos por correo certificado, a cargo del propietario, o bien organizar su recogida.<\/p>\t\t\t\t\t\t\t\t<\/div>\n\t\t\t\t\t<\/div>\n\t\t\t\t<\/div>\n\t\t<div class=\"elementor-element elementor-element-b154ed5 e-flex e-con-boxed e-con e-child\" data-id=\"b154ed5\" data-element_type=\"container\">\n\t\t\t\t\t<div class=\"e-con-inner\">\n\t\t\t\t<div class=\"elementor-element elementor-element-cbcbc81 elementor-widget elementor-widget-heading\" data-id=\"cbcbc81\" data-element_type=\"widget\" data-widget_type=\"heading.default\">\n\t\t\t\t\t<h2 class=\"elementor-heading-title elementor-size-default\">Fumadores<\/h2>\t\t\t\t<\/div>\n\t\t\t\t<div class=\"elementor-element elementor-element-3c2be28 elementor-widget elementor-widget-text-editor\" data-id=\"3c2be28\" data-element_type=\"widget\" data-widget_type=\"text-editor.default\">\n\t\t\t\t\t\t\t\t\t<p>Todos los productos del tabaco, incluidos, entre otros, cigarrillos, pipas, cigarrillos electr\u00f3nicos, e-l\u00edquidos, puros y tabaco de mascar, s\u00f3lo est\u00e1n permitidos en las zonas designadas y se\u00f1alizadas en todo el alojamiento.<\/p>\t\t\t\t\t\t\t\t<\/div>\n\t\t\t\t\t<\/div>\n\t\t\t\t<\/div>\n\t\t<div class=\"elementor-element elementor-element-b2db108 e-flex e-con-boxed e-con e-child\" data-id=\"b2db108\" data-element_type=\"container\">\n\t\t\t\t\t<div class=\"e-con-inner\">\n\t\t\t\t<div class=\"elementor-element elementor-element-f826b8e elementor-widget elementor-widget-heading\" data-id=\"f826b8e\" data-element_type=\"widget\" data-widget_type=\"heading.default\">\n\t\t\t\t\t<h2 class=\"elementor-heading-title elementor-size-default\">Nuestro derecho de cancelaci\u00f3n<\/h2>\t\t\t\t<\/div>\n\t\t\t\t<div class=\"elementor-element elementor-element-9ee29fa elementor-widget elementor-widget-text-editor\" data-id=\"9ee29fa\" data-element_type=\"widget\" data-widget_type=\"text-editor.default\">\n\t\t\t\t\t\t\t\t\t<p>Nos reservamos el derecho a cancelar cualquier reserva sin compensaci\u00f3n, reembolso o devoluci\u00f3n si se incumplen los t\u00e9rminos de estas condiciones.<\/p>\t\t\t\t\t\t\t\t<\/div>\n\t\t\t\t\t<\/div>\n\t\t\t\t<\/div>\n\t\t\t\t<\/div>\n\t\t\t\t<\/div>","protected":false},"excerpt":{"rendered":"<p>Termos e Condi\u00e7\u00f5es Termos de Reservas Ao fazer uma reserva connosco, voc\u00ea (o convidado principal) e o seu grupo de reserva (convidados) concordam com os seguintes termos e condi\u00e7\u00f5es, conforme estabelecido. Durante a sua estadia, concorda em respeitar as condi\u00e7\u00f5es subsequentes, conforme estabelecido. Se tiver quaisquer perguntas sobre reservas connosco, queira contactar-nos antes de fazer [&hellip;]<\/p>","protected":false},"author":1,"featured_media":0,"parent":0,"menu_order":0,"comment_status":"closed","ping_status":"closed","template":"","meta":{"footnotes":""},"class_list":["post-2265","page","type-page","status-publish","hentry"],"_links":{"self":[{"href":"https:\/\/valedovez.pt\/es\/wp-json\/wp\/v2\/pages\/2265","targetHints":{"allow":["GET"]}}],"collection":[{"href":"https:\/\/valedovez.pt\/es\/wp-json\/wp\/v2\/pages"}],"about":[{"href":"https:\/\/valedovez.pt\/es\/wp-json\/wp\/v2\/types\/page"}],"author":[{"embeddable":true,"href":"https:\/\/valedovez.pt\/es\/wp-json\/wp\/v2\/users\/1"}],"replies":[{"embeddable":true,"href":"https:\/\/valedovez.pt\/es\/wp-json\/wp\/v2\/comments?post=2265"}],"version-history":[{"count":3,"href":"https:\/\/valedovez.pt\/es\/wp-json\/wp\/v2\/pages\/2265\/revisions"}],"predecessor-version":[{"id":3202,"href":"https:\/\/valedovez.pt\/es\/wp-json\/wp\/v2\/pages\/2265\/revisions\/3202"}],"wp:attachment":[{"href":"https:\/\/valedovez.pt\/es\/wp-json\/wp\/v2\/media?parent=2265"}],"curies":[{"name":"wp","href":"https:\/\/api.w.org\/{rel}","templated":true}]}}